{"id":7516,"date":"2023-02-01T17:06:07","date_gmt":"2023-02-01T17:06:07","guid":{"rendered":"http:\/\/grazimac.pt\/?page_id=7516"},"modified":"2023-02-02T17:22:52","modified_gmt":"2023-02-02T17:22:52","slug":"sub","status":"publish","type":"page","link":"https:\/\/grazimac.pt\/?page_id=7516","title":{"rendered":"SUB"},"content":{"rendered":"\n<p><strong>SUB<\/strong> \u00e9 um elemento modular inovador em pl\u00e1stico reciclado, utilizado para a constru\u00e7\u00e3o de lajes aligeiradas bidirecionais.<\/p>\n\n\n\n<p>Substitui os elementos de aligeiramento tradicionais de tijoleira e\/ou poliestireno.<\/p>\n\n\n\n<div class=\"wp-block-media-text alignwide is-stacked-on-mobile\" style=\"grid-template-columns:44% auto\"><figure class=\"wp-block-media-text__media\"><img decoding=\"async\" src=\"https:\/\/grazimac.pt\/wp-content\/uploads\/2023\/02\/elementi-SUB-e1675270002386.png\" alt=\"\" class=\"wp-image-7518 size-full\"\/><\/figure><div class=\"wp-block-media-text__content\">\n<p><span class=\"has-inline-color has-white-color\">&#8230;<\/span><\/p>\n\n\n\n<p>As formas est\u00e3o dispon\u00edveis simples ou duplas, as quatro vers\u00f5es podem ser combinadas entre si para satisfazer as diferentes variedades de alturas necess\u00e1rias. Todas as pe\u00e7as incluem p\u00e9s e espa\u00e7adores ajust\u00e1veis.<\/p>\n\n\n\n<p><span class=\"has-inline-color has-white-color\">&#8230;<\/span><\/p>\n<\/div><\/div>\n\n\n\n<figure class=\"wp-block-image size-full\"><img loading=\"lazy\" decoding=\"async\" width=\"974\" height=\"732\" src=\"https:\/\/grazimac.pt\/wp-content\/uploads\/2023\/02\/image006.jpg\" alt=\"\" class=\"wp-image-7521\" srcset=\"https:\/\/grazimac.pt\/wp-content\/uploads\/2023\/02\/image006.jpg 974w, https:\/\/grazimac.pt\/wp-content\/uploads\/2023\/02\/image006-300x225.jpg 300w, https:\/\/grazimac.pt\/wp-content\/uploads\/2023\/02\/image006-768x577.jpg 768w\" sizes=\"auto, (max-width: 974px) 100vw, 974px\" \/><\/figure>\n\n\n\n<p><span class=\"has-inline-color has-white-color\">&#8230;<\/span><\/p>\n\n\n\n<p>Este sistema apresenta inumeras vantagens, a principal \u00e9 a redu\u00e7\u00e3o de espessura da laje que implica uma economia \u00f3bvia em bet\u00e3o e a\u00e7o. O aligeiramento pode ir at\u00e9 40% e permite uma redu\u00e7\u00e3o no n\u00famero de pilares e aus\u00eancia de vigas entre os mesmos, esta redu\u00e7\u00e3o cria ambientes amplos e epa\u00e7osos. Um aspecto importante \u00e9 tamb\u00e9m a <strong>Redu\u00e7\u00e3o de massa s\u00edsmica<\/strong>. <\/p>\n\n\n\n<figure class=\"wp-block-gallery columns-2 is-cropped wp-block-gallery-1 is-layout-flex wp-block-gallery-is-layout-flex\"><ul class=\"blocks-gallery-grid\"><li class=\"blocks-gallery-item\"><figure><img loading=\"lazy\" decoding=\"async\" width=\"800\" height=\"531\" src=\"https:\/\/grazimac.pt\/wp-content\/uploads\/2023\/02\/dsc_5634.jpg\" alt=\"\" data-id=\"7519\" data-full-url=\"https:\/\/grazimac.pt\/wp-content\/uploads\/2023\/02\/dsc_5634.jpg\" data-link=\"https:\/\/grazimac.pt\/?attachment_id=7519\" class=\"wp-image-7519\" srcset=\"https:\/\/grazimac.pt\/wp-content\/uploads\/2023\/02\/dsc_5634.jpg 800w, https:\/\/grazimac.pt\/wp-content\/uploads\/2023\/02\/dsc_5634-300x199.jpg 300w, https:\/\/grazimac.pt\/wp-content\/uploads\/2023\/02\/dsc_5634-768x510.jpg 768w, https:\/\/grazimac.pt\/wp-content\/uploads\/2023\/02\/dsc_5634-360x240.jpg 360w\" sizes=\"auto, (max-width: 800px) 100vw, 800px\" \/><\/figure><\/li><li class=\"blocks-gallery-item\"><figure><img loading=\"lazy\" decoding=\"async\" width=\"800\" height=\"531\" src=\"https:\/\/grazimac.pt\/wp-content\/uploads\/2023\/02\/dsc_5635-ok.jpg\" alt=\"\" data-id=\"7520\" data-full-url=\"https:\/\/grazimac.pt\/wp-content\/uploads\/2023\/02\/dsc_5635-ok.jpg\" data-link=\"https:\/\/grazimac.pt\/?attachment_id=7520\" class=\"wp-image-7520\" srcset=\"https:\/\/grazimac.pt\/wp-content\/uploads\/2023\/02\/dsc_5635-ok.jpg 800w, https:\/\/grazimac.pt\/wp-content\/uploads\/2023\/02\/dsc_5635-ok-300x199.jpg 300w, https:\/\/grazimac.pt\/wp-content\/uploads\/2023\/02\/dsc_5635-ok-768x510.jpg 768w, https:\/\/grazimac.pt\/wp-content\/uploads\/2023\/02\/dsc_5635-ok-360x240.jpg 360w\" sizes=\"auto, (max-width: 800px) 100vw, 800px\" \/><\/figure><\/li><\/ul><\/figure>\n\n\n\n<p><span class=\"has-inline-color has-white-color\">&#8230;<\/span><\/p>\n","protected":false},"excerpt":{"rendered":"<p>SUB \u00e9 um elemento modular inovador em pl\u00e1stico reciclado, utilizado para a constru\u00e7\u00e3o de lajes aligeiradas bidirecionais. Substitui os elementos de aligeiramento tradicionais de tijoleira e\/ou poliestireno. &#8230; As formas est\u00e3o dispon\u00edveis simples ou duplas, as quatro vers\u00f5es podem ser combinadas entre si para satisfazer as diferentes variedades de alturas [&hellip;]<\/p>\n","protected":false},"author":1,"featured_media":0,"parent":7336,"menu_order":0,"comment_status":"closed","ping_status":"closed","template":"","meta":{"_monsterinsights_skip_tracking":false,"_monsterinsights_sitenote_active":false,"_monsterinsights_sitenote_note":"","_monsterinsights_sitenote_category":0,"footnotes":""},"class_list":["post-7516","page","type-page","status-publish","hentry"],"_links":{"self":[{"href":"https:\/\/grazimac.pt\/index.php?rest_route=\/wp\/v2\/pages\/7516","targetHints":{"allow":["GET"]}}],"collection":[{"href":"https:\/\/grazimac.pt\/index.php?rest_route=\/wp\/v2\/pages"}],"about":[{"href":"https:\/\/grazimac.pt\/index.php?rest_route=\/wp\/v2\/types\/page"}],"author":[{"embeddable":true,"href":"https:\/\/grazimac.pt\/index.php?rest_route=\/wp\/v2\/users\/1"}],"replies":[{"embeddable":true,"href":"https:\/\/grazimac.pt\/index.php?rest_route=%2Fwp%2Fv2%2Fcomments&post=7516"}],"version-history":[{"count":7,"href":"https:\/\/grazimac.pt\/index.php?rest_route=\/wp\/v2\/pages\/7516\/revisions"}],"predecessor-version":[{"id":7586,"href":"https:\/\/grazimac.pt\/index.php?rest_route=\/wp\/v2\/pages\/7516\/revisions\/7586"}],"up":[{"embeddable":true,"href":"https:\/\/grazimac.pt\/index.php?rest_route=\/wp\/v2\/pages\/7336"}],"wp:attachment":[{"href":"https:\/\/grazimac.pt\/index.php?rest_route=%2Fwp%2Fv2%2Fmedia&parent=7516"}],"curies":[{"name":"wp","href":"https:\/\/api.w.org\/{rel}","templated":true}]}}